{"version":"1.0","provider_name":"Solveig van der Hoffmann","provider_url":"http:\/\/www.vanderhoffmann.de\/wp","author_name":"Solveig","author_url":"http:\/\/www.vanderhoffmann.de\/wp\/author\/sol\/","title":"Endlich: NETZWERKTREFFEN KUNST, KULTUR UND INTEGRATION | Solveig van der Hoffmann","type":"rich","width":600,"height":338,"html":"<blockquote class=\"wp-embedded-content\" data-secret=\"Xg9NOJMRTp\"><a href=\"http:\/\/www.vanderhoffmann.de\/wp\/2016\/01\/25\/endlich-netzwerktreffen-kunst-kultur-und-integration\/\">Endlich: NETZWERKTREFFEN KUNST, KULTUR UND INTEGRATION<\/a><\/blockquote><iframe sandbox=\"allow-scripts\" security=\"restricted\" src=\"http:\/\/www.vanderhoffmann.de\/wp\/2016\/01\/25\/endlich-netzwerktreffen-kunst-kultur-und-integration\/embed\/#?secret=Xg9NOJMRTp\" width=\"600\" height=\"338\" title=\"&#8222;Endlich: NETZWERKTREFFEN KUNST, KULTUR UND INTEGRATION&#8220; &#8211; Solveig van der Hoffmann\" data-secret=\"Xg9NOJMRTp\" frameborder=\"0\" marginwidth=\"0\" marginheight=\"0\" scrolling=\"no\" class=\"wp-embedded-content\"><\/iframe><script>\n\/*! This file is auto-generated *\/\n!function(d,l){\"use strict\";l.querySelector&&d.addEventListener&&\"undefined\"!=typeof URL&&(d.wp=d.wp||{},d.wp.receiveEmbedMessage||(d.wp.receiveEmbedMessage=function(e){var t=e.data;if((t||t.secret||t.message||t.value)&&!\/[^a-zA-Z0-9]\/.test(t.secret)){for(var s,r,n,a=l.querySelectorAll('iframe[data-secret=\"'+t.secret+'\"]'),o=l.querySelectorAll('blockquote[data-secret=\"'+t.secret+'\"]'),c=new RegExp(\"^https?:$\",\"i\"),i=0;i<o.length;i++)o[i].style.display=\"none\";for(i=0;i<a.length;i++)s=a[i],e.source===s.contentWindow&&(s.removeAttribute(\"style\"),\"height\"===t.message?(1e3<(r=parseInt(t.value,10))?r=1e3:~~r<200&&(r=200),s.height=r):\"link\"===t.message&&(r=new URL(s.getAttribute(\"src\")),n=new URL(t.value),c.test(n.protocol))&&n.host===r.host&&l.activeElement===s&&(d.top.location.href=t.value))}},d.addEventListener(\"message\",d.wp.receiveEmbedMessage,!1),l.addEventListener(\"DOMContentLoaded\",function(){for(var e,t,s=l.querySelectorAll(\"iframe.wp-embedded-content\"),r=0;r<s.length;r++)(t=(e=s[r]).getAttribute(\"data-secret\"))||(t=Math.random().toString(36).substring(2,12),e.src+=\"#?secret=\"+t,e.setAttribute(\"data-secret\",t)),e.contentWindow.postMessage({message:\"ready\",secret:t},\"*\")},!1)))}(window,document);\n\/\/# sourceURL=http:\/\/www.vanderhoffmann.de\/wp\/wp-includes\/js\/wp-embed.min.js\n<\/script>\n","description":"Es gibt in Leipzig (inzwischen) viele viele K\u00fcnstler_innen und Kulturp\u00e4dagog_innen, die sich mit Gefl\u00fcchteten besch\u00e4ftigen oder dies angesichts der aktuellen Debatte planen. Ideen und Antr\u00e4ge purzeln sozusagen um die Wette, und oft erf\u00e4hrt man erst viel zu sp\u00e4t von den Erfahrungen und M\u00f6glichkeiten des anderen. Gef\u00fchlt treffe ich seit ca. einem Jahr fast w\u00f6chentlich einen &hellip; \u201e\u201c weiterlesen","thumbnail_url":"http:\/\/vanderhoffmann.de\/wp\/wp-content\/uploads\/2016\/01\/IMG_20160125_223658323-1-e1453758704918-275x300.jpg"}